{"id":10641,"date":"2024-11-18T18:06:10","date_gmt":"2024-11-18T17:06:10","guid":{"rendered":"https:\/\/www.b-a-w.com\/?post_type=cas_client&#038;p=10641"},"modified":"2024-11-18T18:06:10","modified_gmt":"2024-11-18T17:06:10","slug":"baw-accompagnement-reden-solar-energies-renouvelables-projet-implementation-erp-ifs-cloud","status":"publish","type":"cas_client","link":"https:\/\/www.b-a-w.com\/en\/cas-client\/baw-accompagnement-reden-solar-energies-renouvelables-projet-implementation-erp-ifs-cloud\/","title":{"rendered":"BAW accompagne Reden Solar dans l&#8217;impl\u00e9mentation d&#8217;IFS Cloud"},"content":{"rendered":"<h2>Mission : Projet d&#8217;impl\u00e9mentation de l&#8217;ERP IFS Cloud<\/h2>\n<p>&nbsp;<\/p>\n<p><strong><img decoding=\"async\" class=\"alignleft wp-image-10643 size-medium\" src=\"https:\/\/www.b-a-w.com\/wp-content\/uploads\/2024\/11\/Business-At-Work_Cas-client_enr_baw-accompagnement-reden-solar-projet-implementation-erp-ifs-cloud_energies-renouvelables-300x300.png\" alt=\"Fond\u00e9 en 2008, Reden Solar est un producteur ind\u00e9pendant d\u2019\u00e9lectricit\u00e9 photovolta\u00efque. Reden Solar d\u00e9veloppe, construit et exploite des centrales solaires en Europe, en Am\u00e9rique Centrale et en Am\u00e9rique Latine. Reden Solar conna\u00eet depuis plusieurs ann\u00e9es une croissance externe tr\u00e8s soutenue. Il h\u00e9berge plus de 220 entit\u00e9s \u00e0 l\u2019international et ambitionne de renforcer sa pr\u00e9sence dans les ann\u00e9es \u00e0 venir. S\u2019appuyant sur des outils peu int\u00e9gr\u00e9s et des processus avec de nombreuses t\u00e2ches manuelles et qui manquent de transversalit\u00e9, Reden Solar a souhait\u00e9 cr\u00e9er un socle commun solide via la mise en place d\u2019un ERP groupe sur lequel construire son d\u00e9veloppement. Le projet vise \u00e0 d\u00e9ployer un core system pour l\u2019ensemble des entit\u00e9s fran\u00e7aises. C'est dans ce contexte que Business At Work accompagne Reden Solar, dans son projet d'impl\u00e9mentation de l'ERP IFS Cloud.\" width=\"300\" height=\"300\" srcset=\"https:\/\/www.b-a-w.com\/wp-content\/uploads\/2024\/11\/Business-At-Work_Cas-client_enr_baw-accompagnement-reden-solar-projet-implementation-erp-ifs-cloud_energies-renouvelables-300x300.png 300w, https:\/\/www.b-a-w.com\/wp-content\/uploads\/2024\/11\/Business-At-Work_Cas-client_enr_baw-accompagnement-reden-solar-projet-implementation-erp-ifs-cloud_energies-renouvelables-150x150.png 150w, https:\/\/www.b-a-w.com\/wp-content\/uploads\/2024\/11\/Business-At-Work_Cas-client_enr_baw-accompagnement-reden-solar-projet-implementation-erp-ifs-cloud_energies-renouvelables-768x768.png 768w, https:\/\/www.b-a-w.com\/wp-content\/uploads\/2024\/11\/Business-At-Work_Cas-client_enr_baw-accompagnement-reden-solar-projet-implementation-erp-ifs-cloud_energies-renouvelables.png 1000w\" sizes=\"(max-width: 300px) 100vw, 300px\" \/><\/strong><\/p>\n<p>&nbsp;<\/p>\n<p><strong>M\u00e9tier<\/strong> : <a href=\"https:\/\/www.b-a-w.com\/direction-des-systemes-d-information\/\">Direction des Syst\u00e8mes d&#8217;Information<\/a> &#8211; <a href=\"https:\/\/www.b-a-w.com\/direction-des-operations-supply-chain\/\">Direction des Op\u00e9rations et Supply Chain<\/a> &#8211; <a href=\"https:\/\/www.b-a-w.com\/direction-financiere\/\">Direction Administrative et Financi\u00e8re<\/a><\/p>\n<p><strong>Secteur<\/strong> : <a href=\"https:\/\/www.b-a-w.com\/ingenierie-high-tech-infrastructures\/\">Ing\u00e9nierie, High-Tech &amp; et Infrastructures<\/a><\/p>\n<p><strong>Client<\/strong> : Fond\u00e9 en 2008, Reden Solar est un producteur ind\u00e9pendant d\u2019\u00e9lectricit\u00e9 photovolta\u00efque. Reden Solar d\u00e9veloppe, construit et exploite des centrales solaires en Europe, en Am\u00e9rique Centrale et en Am\u00e9rique Latine.<\/p>\n<p>Notre client, <a href=\"https:\/\/reden.solar\/\">Reden Solar<\/a>, en quelques chiffres-cl\u00e9s, ce sont : <span style=\"color: #4891f9;\"><strong>91M<\/strong><strong>\u20ac<\/strong> <span style=\"color: #000000;\">de CA<\/span><\/span> en 2023 &#8211; <span style=\"color: #4891f9;\"><strong>400<\/strong> <span style=\"color: #000000;\">collaborateurs<\/span><\/span> &#8211; <span style=\"color: #4891f9;\"><strong>6<\/strong> <span style=\"color: #000000;\">pays<\/span><\/span> &#8211; <span style=\"color: #4891f9;\"><strong>739Mw<\/strong> <span style=\"color: #000000;\">parc en exploitation et construction au 31 D\u00e9cembre 2023<\/span><\/span><\/p>\n<p>&nbsp;<\/p>\n<p><strong>Contexte<\/strong> : Reden Solar conna\u00eet depuis plusieurs ann\u00e9es une croissance externe tr\u00e8s soutenue. Il h\u00e9berge <strong>plus de 220 entit\u00e9s<\/strong> \u00e0 l\u2019international et ambitionne de renforcer sa pr\u00e9sence dans les ann\u00e9es \u00e0 venir.<\/p>\n<p>Reden Solar ma\u00eetrise chaque \u00e9tape du processus de d\u00e9veloppement d\u2019une centrale, de l\u2019\u00e9tude \u00e0 la maintenance.<br \/>\nEn France, Le groupe est compos\u00e9 de plus de 120 entit\u00e9s juridiques, parmi lesquelles 4 principales (Reden Solar, Reden Solar 2020, Reden Technique, Reden Industries) qui concentrent la tr\u00e8s grande majorit\u00e9 des flux de ventes et achats.<\/p>\n<p>Son d\u00e9veloppement se joue sur plusieurs tableaux :<\/p>\n<ul>\n<li>Augmentation de la capacit\u00e9 de production<\/li>\n<li>Pertinence du reporting et du suivi de performance<\/li>\n<li>Performance globale de ses processus, afin d&#8217;absorber la forte croissance<\/li>\n<li>Transversalit\u00e9 et rationalisation des flux financiers et comptables entre les soci\u00e9t\u00e9s<\/li>\n<li>Partage de l&#8217;information<\/li>\n<li><span style=\"background-color: var(--bs-body-bg); color: var(--bs-body-color); font-family: var(--bs-body-font-family); font-size: var(--bs-body-font-size); font-weight: var(--bs-body-font-weight); text-align: var(--bs-body-text-align);\">D\u00e9ploiement \u00e0 l&#8217;international pour \u00e9tendre la capacit\u00e9 fonci\u00e8re.<\/span><\/li>\n<\/ul>\n<p>S\u2019appuyant sur des outils peu int\u00e9gr\u00e9s et des processus avec de nombreuses t\u00e2ches manuelles et qui manquent de transversalit\u00e9, Reden Solar a souhait\u00e9 cr\u00e9er un socle commun solide via la mise en place d\u2019un ERP groupe sur lequel construire son d\u00e9veloppement. Le projet vise \u00e0 d\u00e9ployer un core system pour l\u2019ensemble des entit\u00e9s fran\u00e7aises.<\/p>\n<p>&nbsp;<\/p>\n<p><strong>Missions<\/strong> :<\/p>\n<p><span class=\"TextRun SCXW50942603 BCX8\" lang=\"FR-FR\" xml:lang=\"FR-FR\" data-contrast=\"auto\"><span class=\"NormalTextRun SCXW50942603 BCX8\">Le projet s\u2019est men\u00e9 autour de plusieurs objectifs :<\/span><\/span><\/p>\n<ul>\n<li>S\u00e9curiser, harmoniser les processus et diffuser largement les bonnes pratiques associ\u00e9es<\/li>\n<li>Digitaliser \/ Tracer \/ Automatiser la constitution \/ Consolider les donn\u00e9es li\u00e9es aux activit\u00e9s du groupe<\/li>\n<li>Faciliter et acc\u00e9l\u00e9rer le d\u00e9ploiement et l\u2019int\u00e9gration de soci\u00e9t\u00e9s<\/li>\n<\/ul>\n<p>Pour les domaines de la Gestion de projet (d\u00e9veloppement, construction et exploitation), des Achats, de la Finance et la Comptabilit\u00e9, et de la Supply Chain<\/p>\n<ul>\n<li>Pilotage du projet<\/li>\n<li>H\u00e9bergement et administration technique d&#8217;IFS Cloud (gestion des environnements, passage des patchs et des mont\u00e9es de versions &#8230;)<\/li>\n<li>Conception de la solution<\/li>\n<li>Param\u00e9trage d\u2019IFS<\/li>\n<li>R\u00e9alisation des configurations<\/li>\n<li>R\u00e9alisation des reports<\/li>\n<li>R\u00e9alisation des interfaces<\/li>\n<li>R\u00e9alisation des reprises<\/li>\n<li>Accompagnement des tests et de la recette<\/li>\n<li>Pr\u00e9paration et r\u00e9alisation de la bascule<\/li>\n<li>Conception et r\u00e9alisation des formations des utilisateurs finaux<\/li>\n<li>Accompagnement renforc\u00e9 au d\u00e9marrage<\/li>\n<\/ul>\n<p><strong>Dur\u00e9e de la mission<\/strong> : 18 mois<\/p>\n<p><strong>Challenges :<\/strong><\/p>\n<ul>\n<li>D\u00e9ployer une core solution sur la France sur un p\u00e9rim\u00e8tre Finance-Projets et SCM.<\/li>\n<li>Concilier le d\u00e9veloppement et la transformation du groupe avec le d\u00e9ploiement d\u2019une solution et de processus structurants.<\/li>\n<li>Atteindre au plus vite les objectifs ambitieux d\u2019int\u00e9gration et d\u2019automatisation des processus.<\/li>\n<li><span style=\"background-color: var(--bs-body-bg); color: var(--bs-body-color); font-family: var(--bs-body-font-family); font-size: var(--bs-body-font-size); font-weight: var(--bs-body-font-weight); text-align: var(--bs-body-text-align);\">Harmoniser les processus entre les activit\u00e9s \/ entit\u00e9s \/ pays<\/span><\/li>\n<\/ul>\n<p><strong>R\u00e9sultats<\/strong> :<\/p>\n<ul>\n<li>Mise en place d\u2019un core syst\u00e8me unique et partag\u00e9 pour l\u2019ensemble des entit\u00e9s fran\u00e7aises (150 soci\u00e9t\u00e9S juridiques).<\/li>\n<li><span style=\"background-color: var(--bs-body-bg); color: var(--bs-body-color); font-family: var(--bs-body-font-family); font-size: var(--bs-body-font-size); font-weight: var(--bs-body-font-weight); text-align: var(--bs-body-text-align);\">Plus de 80 utilisateurs ont \u00e9t\u00e9 form\u00e9s et utilisent IFS quotidiennement pour la gestion des projets de construction, les achats, les stocks et les approvisionnements, la production des panneaux photovolta\u00efques, la gestion financi\u00e8re et comptable et enfin l\u2019exploitation des centrales.<\/span><\/li>\n<li><span style=\"background-color: var(--bs-body-bg); color: var(--bs-body-color); font-family: var(--bs-body-font-family); font-size: var(--bs-body-font-size); font-weight: var(--bs-body-font-weight); text-align: var(--bs-body-text-align);\">Centralisation des donn\u00e9es<\/span><\/li>\n<li><span style=\"background-color: var(--bs-body-bg); color: var(--bs-body-color); font-family: var(--bs-body-font-family); font-size: var(--bs-body-font-size); font-weight: var(--bs-body-font-weight); text-align: var(--bs-body-text-align);\">Requ\u00eate et analyse en temps r\u00e9el<\/span><\/li>\n<li><span style=\"background-color: var(--bs-body-bg); color: var(--bs-body-color); font-family: var(--bs-body-font-family); font-size: var(--bs-body-font-size); font-weight: var(--bs-body-font-weight); text-align: var(--bs-body-text-align);\">Acc\u00e9l\u00e9ration de la capacit\u00e9 \u00e0 g\u00e9n\u00e9rer des indicateurs et \u00e0 prendre des d\u00e9cisions pertinentes<\/span><\/li>\n<li><span style=\"background-color: var(--bs-body-bg); color: var(--bs-body-color); font-family: var(--bs-body-font-family); font-size: var(--bs-body-font-size); font-weight: var(--bs-body-font-weight); text-align: var(--bs-body-text-align);\">Augmentation de la performance \u00e9conomique et op\u00e9rationnelle du groupe<\/span><\/li>\n<li><span style=\"background-color: var(--bs-body-bg); color: var(--bs-body-color); font-family: var(--bs-body-font-family); font-size: var(--bs-body-font-size); font-weight: var(--bs-body-font-weight); text-align: var(--bs-body-text-align);\">Accompagnement de la croissance et facilitation de la scalabilit\u00e9 du mod\u00e8le op\u00e9rationnel<\/span><\/li>\n<\/ul>\n<p>&nbsp;<\/p>\n<p style=\"text-align: center;\"><iframe title=\"YouTube video player\" src=\"https:\/\/www.youtube.com\/embed\/7TUMLDJJSlQ?si=MBYeT2ktb4aNykv0\" width=\"560\" height=\"315\" frameborder=\"0\" allowfullscreen=\"allowfullscreen\"><\/iframe><\/p>\n<p style=\"text-align: center;\"><cite>Vous souhaitez en savoir plus ? <span style=\"color: #4891f9;\"><strong>Vincent Wattignier, Directeur des Op\u00e9rations Financi\u00e8res et de la Transition, prend la parole et partage avec vous son retour d&#8217;exp\u00e9rience<\/strong><\/span>, dans une courte vid\u00e9o.<\/cite><\/p>\n<p>&nbsp;<\/p>\n<h2>Acteur des Energies Renouvelables : l&#8217;ERP IFS Cloud, la solution la plus adapt\u00e9e comme pilier de votre d\u00e9veloppement<\/h2>\n<p>Pour faire \u00e0 la situation d\u2019hyper croissance et \u00e0 la multitude de d\u00e9fis auxquels vous \u00eates confront\u00e9es, en tant qu&#8217;entreprises des Energies Renouvelables, vous devez disposer d\u2019un syst\u00e8me d\u2019information adapt\u00e9 et transverse \u00e0 toute l\u2019organisation.<br \/>\n<a href=\"https:\/\/webikeo.fr\/webinar\/acteurs-des-energies-renouvelables-la-solution-erp-la-plus-adaptee-a-votre-secteur-comme-pilier-de-votre-developpement\"><strong>Visionnez d\u00e8s maintenant le replay<\/strong><\/a> du webinar exclusif men\u00e9 par les experts <a href=\"https:\/\/www.b-a-w.com\/\">Business At Work<\/a>. Au programme : tour d\u2019horizon des enjeux et retours d\u2019exp\u00e9rience, pr\u00e9sentation de la <strong><a href=\"https:\/\/www.b-a-w.com\/nos-partenaires\/ifs\/ifs-cloud-pour-le-secteur-des-energies-renouvelables-securiser-sa-croissance\/\">solution IFS Cloud packag\u00e9e<\/a><\/strong> de BAW, et d\u00e9monstration de la solution.<\/p>\n<p>&nbsp;<\/p>\n<p><a href=\"https:\/\/webikeo.fr\/webinar\/acteurs-des-energies-renouvelables-la-solution-erp-la-plus-adaptee-a-votre-secteur-comme-pilier-de-votre-developpement\"><br \/>\n<img decoding=\"async\" class=\"aligncenter wp-image-10171\" src=\"https:\/\/www.b-a-w.com\/wp-content\/uploads\/2024\/06\/Business-At-Work_erp-pilier-developpement-hyper-croissance_webinar-ifs-cloud-energies-renouvelables-300x90.png\" alt=\"En situation d'hypercroissance, les acteurs du secteur des Energies Renouvelables sont confront\u00e9s \u00e0 une multitude de d\u00e9fis : Disposer d\u2019une vision \u00e0 360\u00b0 et sans couture de leurs projets depuis la phase commerciale jusqu\u2019\u00e0 la phase de maintenance de leurs actifs Automatiser et fluidifier les op\u00e9rations comptables, notamment inter compagnies Rationaliser et outiller les fonctions Support pour absorber la croissance \u00e0 effectif ma\u00eetris\u00e9 Le cas \u00e9ch\u00e9ant, accompagner le d\u00e9veloppement \u00e0 l'international Les entreprises du secteur se doivent ainsi de disposer d\u2019un SI adapt\u00e9 et transverse \u00e0 toute l\u2019organisation, afin de maintenir leur qualit\u00e9 d'ex\u00e9cution tout en absorbant leur volume d'affaires. Visionnez le replay de du webinar exclusif organis\u00e9 par BAW et pens\u00e9 pour les acteurs des \u00e9nergies renouvelables. Nos experts BAW mettent en perspective les enjeux de votre secteur, et la mani\u00e8re dont la solution IFS Cloud packag\u00e9e de BAW r\u00e9pond efficacement \u00e0 vos enjeux et \u00e0 vos besoins. Au programme : - Tour d\u2019horizon des enjeux et Retours d\u2019exp\u00e9rience - Pr\u00e9sentation de la solution IFS Cloud packag\u00e9e de BAW - D\u00e9monstration de la solution Cette solution packag\u00e9e, fruit de l\u2019expertise sectorielle commune de l\u2019\u00e9diteur IFS et de BAW en tant qu\u2019int\u00e9grateur, r\u00e9pond en standard \u00e0 vos exigences m\u00e9tiers \u00e0 des conditions uniques sur le march\u00e9.\" width=\"773\" height=\"232\" srcset=\"https:\/\/www.b-a-w.com\/wp-content\/uploads\/2024\/06\/Business-At-Work_erp-pilier-developpement-hyper-croissance_webinar-ifs-cloud-energies-renouvelables-300x90.png 300w, https:\/\/www.b-a-w.com\/wp-content\/uploads\/2024\/06\/Business-At-Work_erp-pilier-developpement-hyper-croissance_webinar-ifs-cloud-energies-renouvelables-768x230.png 768w, https:\/\/www.b-a-w.com\/wp-content\/uploads\/2024\/06\/Business-At-Work_erp-pilier-developpement-hyper-croissance_webinar-ifs-cloud-energies-renouvelables.png 1000w\" sizes=\"(max-width: 773px) 100vw, 773px\" \/><\/a><\/p>\n","protected":false},"featured_media":10645,"template":"","type_cas_client":[639,300,1738,315],"class_list":["post-10641","cas_client","type-cas_client","status-publish","has-post-thumbnail","hentry","type_cas_client-direction-des-operations","type_cas_client-direction-financiere","type_cas_client-ifs","type_cas_client-ingenierie-high-tech-infrastructures"],"acf":[],"yoast_head":"<!-- This site is optimized with the Yoast SEO plugin v27.2 - https:\/\/yoast.com\/product\/yoast-seo-wordpress\/ -->\n<title>Mise en place d&#039;IFS Cloud pour booster la croissance de Reden Solar | Cas Client | BAW<\/title>\n<meta name=\"description\" content=\"BAW accompagne REDEN Solar, acteur majeur du solaire en France et \u00e0 l&#039;\u00e9tranger, boostant sa croissance et sa performance gr\u00e2ce \u00e0 la refonte de son ERP, avec IFS.\" \/>\n<meta name=\"robots\" content=\"index, follow, max-snippet:-1, max-image-preview:large, max-video-preview:-1\" \/>\n<link rel=\"canonical\" href=\"https:\/\/www.b-a-w.com\/en\/cas-client\/baw-accompagnement-reden-solar-energies-renouvelables-projet-implementation-erp-ifs-cloud\/\" \/>\n<meta property=\"og:locale\" content=\"en_US\" \/>\n<meta property=\"og:type\" content=\"article\" \/>\n<meta property=\"og:title\" content=\"Mise en place d&#039;IFS Cloud pour booster la croissance de Reden Solar | Cas Client | BAW\" \/>\n<meta property=\"og:description\" content=\"BAW accompagne REDEN Solar, acteur majeur du solaire en France et \u00e0 l&#039;\u00e9tranger, boostant sa croissance et sa performance gr\u00e2ce \u00e0 la refonte de son ERP, avec IFS.\" \/>\n<meta property=\"og:url\" content=\"https:\/\/www.b-a-w.com\/en\/cas-client\/baw-accompagnement-reden-solar-energies-renouvelables-projet-implementation-erp-ifs-cloud\/\" \/>\n<meta property=\"og:site_name\" content=\"Business at work\" \/>\n<meta property=\"og:image\" content=\"https:\/\/www.b-a-w.com\/wp-content\/uploads\/2024\/11\/Business-At-Work_Cas-client_enr_baw-accompagnement-reden-solar-energies-renouvelables_projet-implementation-erp-ifs-cloud.png\" \/>\n\t<meta property=\"og:image:width\" content=\"1000\" \/>\n\t<meta property=\"og:image:height\" content=\"1000\" \/>\n\t<meta property=\"og:image:type\" content=\"image\/png\" \/>\n<meta name=\"twitter:card\" content=\"summary_large_image\" \/>\n<meta name=\"twitter:label1\" content=\"Est. reading time\" \/>\n\t<meta name=\"twitter:data1\" content=\"5 minutes\" \/>\n<script type=\"application\/ld+json\" class=\"yoast-schema-graph\">{\"@context\":\"https:\/\/schema.org\",\"@graph\":[{\"@type\":\"WebPage\",\"@id\":\"https:\/\/www.b-a-w.com\/en\/cas-client\/baw-accompagnement-reden-solar-energies-renouvelables-projet-implementation-erp-ifs-cloud\/\",\"url\":\"https:\/\/www.b-a-w.com\/en\/cas-client\/baw-accompagnement-reden-solar-energies-renouvelables-projet-implementation-erp-ifs-cloud\/\",\"name\":\"Mise en place d'IFS Cloud pour booster la croissance de Reden Solar | Cas Client | BAW\",\"isPartOf\":{\"@id\":\"https:\/\/www.b-a-w.com\/en\/#website\"},\"primaryImageOfPage\":{\"@id\":\"https:\/\/www.b-a-w.com\/en\/cas-client\/baw-accompagnement-reden-solar-energies-renouvelables-projet-implementation-erp-ifs-cloud\/#primaryimage\"},\"image\":{\"@id\":\"https:\/\/www.b-a-w.com\/en\/cas-client\/baw-accompagnement-reden-solar-energies-renouvelables-projet-implementation-erp-ifs-cloud\/#primaryimage\"},\"thumbnailUrl\":\"https:\/\/www.b-a-w.com\/wp-content\/uploads\/2024\/11\/Business-At-Work_Cas-client_enr_baw-accompagnement-reden-solar-energies-renouvelables_projet-implementation-erp-ifs-cloud.png\",\"datePublished\":\"2024-11-18T17:06:10+00:00\",\"description\":\"BAW accompagne REDEN Solar, acteur majeur du solaire en France et \u00e0 l'\u00e9tranger, boostant sa croissance et sa performance gr\u00e2ce \u00e0 la refonte de son ERP, avec IFS.\",\"inLanguage\":\"en-US\",\"potentialAction\":[{\"@type\":\"ReadAction\",\"target\":[\"https:\/\/www.b-a-w.com\/en\/cas-client\/baw-accompagnement-reden-solar-energies-renouvelables-projet-implementation-erp-ifs-cloud\/\"]}]},{\"@type\":\"ImageObject\",\"inLanguage\":\"en-US\",\"@id\":\"https:\/\/www.b-a-w.com\/en\/cas-client\/baw-accompagnement-reden-solar-energies-renouvelables-projet-implementation-erp-ifs-cloud\/#primaryimage\",\"url\":\"https:\/\/www.b-a-w.com\/wp-content\/uploads\/2024\/11\/Business-At-Work_Cas-client_enr_baw-accompagnement-reden-solar-energies-renouvelables_projet-implementation-erp-ifs-cloud.png\",\"contentUrl\":\"https:\/\/www.b-a-w.com\/wp-content\/uploads\/2024\/11\/Business-At-Work_Cas-client_enr_baw-accompagnement-reden-solar-energies-renouvelables_projet-implementation-erp-ifs-cloud.png\",\"width\":1000,\"height\":1000,\"caption\":\"Fond\u00e9 en 2008, Reden Solar est un producteur ind\u00e9pendant d\u2019\u00e9lectricit\u00e9 photovolta\u00efque. Reden Solar d\u00e9veloppe, construit et exploite des centrales solaires en Europe, en Am\u00e9rique Centrale et en Am\u00e9rique Latine. Reden Solar conna\u00eet depuis plusieurs ann\u00e9es une croissance externe tr\u00e8s soutenue. Il h\u00e9berge plus de 220 entit\u00e9s \u00e0 l\u2019international et ambitionne de renforcer sa pr\u00e9sence dans les ann\u00e9es \u00e0 venir. S\u2019appuyant sur des outils peu int\u00e9gr\u00e9s et des processus avec de nombreuses t\u00e2ches manuelles et qui manquent de transversalit\u00e9, Reden Solar a souhait\u00e9 cr\u00e9er un socle commun solide via la mise en place d\u2019un ERP groupe sur lequel construire son d\u00e9veloppement. Le projet vise \u00e0 d\u00e9ployer un core system pour l\u2019ensemble des entit\u00e9s fran\u00e7aises. C'est dans ce contexte que Business At Work accompagne Reden Solar, dans son projet d'impl\u00e9mentation de l'ERP IFS Cloud.\"},{\"@type\":\"WebSite\",\"@id\":\"https:\/\/www.b-a-w.com\/en\/#website\",\"url\":\"https:\/\/www.b-a-w.com\/en\/\",\"name\":\"Business At work\",\"description\":\"Cabinet de Conseil en Transformation\",\"publisher\":{\"@id\":\"https:\/\/www.b-a-w.com\/en\/#organization\"},\"alternateName\":\"BAW\",\"potentialAction\":[{\"@type\":\"SearchAction\",\"target\":{\"@type\":\"EntryPoint\",\"urlTemplate\":\"https:\/\/www.b-a-w.com\/en\/?s={search_term_string}\"},\"query-input\":{\"@type\":\"PropertyValueSpecification\",\"valueRequired\":true,\"valueName\":\"search_term_string\"}}],\"inLanguage\":\"en-US\"},{\"@type\":\"Organization\",\"@id\":\"https:\/\/www.b-a-w.com\/en\/#organization\",\"name\":\"Business At work\",\"alternateName\":\"BAW\",\"url\":\"https:\/\/www.b-a-w.com\/en\/\",\"logo\":{\"@type\":\"ImageObject\",\"inLanguage\":\"en-US\",\"@id\":\"https:\/\/www.b-a-w.com\/en\/#\/schema\/logo\/image\/\",\"url\":\"https:\/\/www.b-a-w.com\/wp-content\/uploads\/2025\/12\/Mantu-acquisition-Business-At-Work-3.png\",\"contentUrl\":\"https:\/\/www.b-a-w.com\/wp-content\/uploads\/2025\/12\/Mantu-acquisition-Business-At-Work-3.png\",\"width\":1929,\"height\":690,\"caption\":\"Business At work\"},\"image\":{\"@id\":\"https:\/\/www.b-a-w.com\/en\/#\/schema\/logo\/image\/\"},\"sameAs\":[\"https:\/\/www.linkedin.com\/company\/business-at-work\/\",\"https:\/\/youtube.com\/@baw-businessatwork\"]}]}<\/script>\n<!-- \/ Yoast SEO plugin. -->","yoast_head_json":{"title":"Mise en place d'IFS Cloud pour booster la croissance de Reden Solar | Cas Client | BAW","description":"BAW accompagne REDEN Solar, acteur majeur du solaire en France et \u00e0 l'\u00e9tranger, boostant sa croissance et sa performance gr\u00e2ce \u00e0 la refonte de son ERP, avec IFS.","robots":{"index":"index","follow":"follow","max-snippet":"max-snippet:-1","max-image-preview":"max-image-preview:large","max-video-preview":"max-video-preview:-1"},"canonical":"https:\/\/www.b-a-w.com\/en\/cas-client\/baw-accompagnement-reden-solar-energies-renouvelables-projet-implementation-erp-ifs-cloud\/","og_locale":"en_US","og_type":"article","og_title":"Mise en place d'IFS Cloud pour booster la croissance de Reden Solar | Cas Client | BAW","og_description":"BAW accompagne REDEN Solar, acteur majeur du solaire en France et \u00e0 l'\u00e9tranger, boostant sa croissance et sa performance gr\u00e2ce \u00e0 la refonte de son ERP, avec IFS.","og_url":"https:\/\/www.b-a-w.com\/en\/cas-client\/baw-accompagnement-reden-solar-energies-renouvelables-projet-implementation-erp-ifs-cloud\/","og_site_name":"Business at work","og_image":[{"width":1000,"height":1000,"url":"https:\/\/www.b-a-w.com\/wp-content\/uploads\/2024\/11\/Business-At-Work_Cas-client_enr_baw-accompagnement-reden-solar-energies-renouvelables_projet-implementation-erp-ifs-cloud.png","type":"image\/png"}],"twitter_card":"summary_large_image","twitter_misc":{"Est. reading time":"5 minutes"},"schema":{"@context":"https:\/\/schema.org","@graph":[{"@type":"WebPage","@id":"https:\/\/www.b-a-w.com\/en\/cas-client\/baw-accompagnement-reden-solar-energies-renouvelables-projet-implementation-erp-ifs-cloud\/","url":"https:\/\/www.b-a-w.com\/en\/cas-client\/baw-accompagnement-reden-solar-energies-renouvelables-projet-implementation-erp-ifs-cloud\/","name":"Mise en place d'IFS Cloud pour booster la croissance de Reden Solar | Cas Client | BAW","isPartOf":{"@id":"https:\/\/www.b-a-w.com\/en\/#website"},"primaryImageOfPage":{"@id":"https:\/\/www.b-a-w.com\/en\/cas-client\/baw-accompagnement-reden-solar-energies-renouvelables-projet-implementation-erp-ifs-cloud\/#primaryimage"},"image":{"@id":"https:\/\/www.b-a-w.com\/en\/cas-client\/baw-accompagnement-reden-solar-energies-renouvelables-projet-implementation-erp-ifs-cloud\/#primaryimage"},"thumbnailUrl":"https:\/\/www.b-a-w.com\/wp-content\/uploads\/2024\/11\/Business-At-Work_Cas-client_enr_baw-accompagnement-reden-solar-energies-renouvelables_projet-implementation-erp-ifs-cloud.png","datePublished":"2024-11-18T17:06:10+00:00","description":"BAW accompagne REDEN Solar, acteur majeur du solaire en France et \u00e0 l'\u00e9tranger, boostant sa croissance et sa performance gr\u00e2ce \u00e0 la refonte de son ERP, avec IFS.","inLanguage":"en-US","potentialAction":[{"@type":"ReadAction","target":["https:\/\/www.b-a-w.com\/en\/cas-client\/baw-accompagnement-reden-solar-energies-renouvelables-projet-implementation-erp-ifs-cloud\/"]}]},{"@type":"ImageObject","inLanguage":"en-US","@id":"https:\/\/www.b-a-w.com\/en\/cas-client\/baw-accompagnement-reden-solar-energies-renouvelables-projet-implementation-erp-ifs-cloud\/#primaryimage","url":"https:\/\/www.b-a-w.com\/wp-content\/uploads\/2024\/11\/Business-At-Work_Cas-client_enr_baw-accompagnement-reden-solar-energies-renouvelables_projet-implementation-erp-ifs-cloud.png","contentUrl":"https:\/\/www.b-a-w.com\/wp-content\/uploads\/2024\/11\/Business-At-Work_Cas-client_enr_baw-accompagnement-reden-solar-energies-renouvelables_projet-implementation-erp-ifs-cloud.png","width":1000,"height":1000,"caption":"Fond\u00e9 en 2008, Reden Solar est un producteur ind\u00e9pendant d\u2019\u00e9lectricit\u00e9 photovolta\u00efque. Reden Solar d\u00e9veloppe, construit et exploite des centrales solaires en Europe, en Am\u00e9rique Centrale et en Am\u00e9rique Latine. Reden Solar conna\u00eet depuis plusieurs ann\u00e9es une croissance externe tr\u00e8s soutenue. Il h\u00e9berge plus de 220 entit\u00e9s \u00e0 l\u2019international et ambitionne de renforcer sa pr\u00e9sence dans les ann\u00e9es \u00e0 venir. S\u2019appuyant sur des outils peu int\u00e9gr\u00e9s et des processus avec de nombreuses t\u00e2ches manuelles et qui manquent de transversalit\u00e9, Reden Solar a souhait\u00e9 cr\u00e9er un socle commun solide via la mise en place d\u2019un ERP groupe sur lequel construire son d\u00e9veloppement. Le projet vise \u00e0 d\u00e9ployer un core system pour l\u2019ensemble des entit\u00e9s fran\u00e7aises. C'est dans ce contexte que Business At Work accompagne Reden Solar, dans son projet d'impl\u00e9mentation de l'ERP IFS Cloud."},{"@type":"WebSite","@id":"https:\/\/www.b-a-w.com\/en\/#website","url":"https:\/\/www.b-a-w.com\/en\/","name":"Business At work","description":"Cabinet de Conseil en Transformation","publisher":{"@id":"https:\/\/www.b-a-w.com\/en\/#organization"},"alternateName":"BAW","potentialAction":[{"@type":"SearchAction","target":{"@type":"EntryPoint","urlTemplate":"https:\/\/www.b-a-w.com\/en\/?s={search_term_string}"},"query-input":{"@type":"PropertyValueSpecification","valueRequired":true,"valueName":"search_term_string"}}],"inLanguage":"en-US"},{"@type":"Organization","@id":"https:\/\/www.b-a-w.com\/en\/#organization","name":"Business At work","alternateName":"BAW","url":"https:\/\/www.b-a-w.com\/en\/","logo":{"@type":"ImageObject","inLanguage":"en-US","@id":"https:\/\/www.b-a-w.com\/en\/#\/schema\/logo\/image\/","url":"https:\/\/www.b-a-w.com\/wp-content\/uploads\/2025\/12\/Mantu-acquisition-Business-At-Work-3.png","contentUrl":"https:\/\/www.b-a-w.com\/wp-content\/uploads\/2025\/12\/Mantu-acquisition-Business-At-Work-3.png","width":1929,"height":690,"caption":"Business At work"},"image":{"@id":"https:\/\/www.b-a-w.com\/en\/#\/schema\/logo\/image\/"},"sameAs":["https:\/\/www.linkedin.com\/company\/business-at-work\/","https:\/\/youtube.com\/@baw-businessatwork"]}]}},"_links":{"self":[{"href":"https:\/\/www.b-a-w.com\/en\/wp-json\/wp\/v2\/cas_client\/10641","targetHints":{"allow":["GET"]}}],"collection":[{"href":"https:\/\/www.b-a-w.com\/en\/wp-json\/wp\/v2\/cas_client"}],"about":[{"href":"https:\/\/www.b-a-w.com\/en\/wp-json\/wp\/v2\/types\/cas_client"}],"version-history":[{"count":2,"href":"https:\/\/www.b-a-w.com\/en\/wp-json\/wp\/v2\/cas_client\/10641\/revisions"}],"predecessor-version":[{"id":10648,"href":"https:\/\/www.b-a-w.com\/en\/wp-json\/wp\/v2\/cas_client\/10641\/revisions\/10648"}],"wp:featuredmedia":[{"embeddable":true,"href":"https:\/\/www.b-a-w.com\/en\/wp-json\/wp\/v2\/media\/10645"}],"wp:attachment":[{"href":"https:\/\/www.b-a-w.com\/en\/wp-json\/wp\/v2\/media?parent=10641"}],"wp:term":[{"taxonomy":"type_cas_client","embeddable":true,"href":"https:\/\/www.b-a-w.com\/en\/wp-json\/wp\/v2\/type_cas_client?post=10641"}],"curies":[{"name":"wp","href":"https:\/\/api.w.org\/{rel}","templated":true}]}}